{"version":"1.0","provider_name":"\u0635\u0646\u062f\u0648\u0642 \u0627\u0644\u0632\u0643\u0627\u0629 \u0644\u0644\u0627\u062c\u0626\u064a\u0646 | Refugee Zakat Fund","provider_url":"https:\/\/zakat.unhcr.org\/fr","title":"La F\u00e9d\u00e9ration des Imams d\u2019Am\u00e9rique du Nord | \u0635\u0646\u062f\u0648\u0642 \u0627\u0644\u0632\u0643\u0627\u0629 \u0644\u0644\u0627\u062c\u0626\u064a\u0646 | Refugee Zakat Fund","type":"rich","width":600,"height":338,"html":"<blockquote class=\"wp-embedded-content\" data-secret=\"UdDVckHzjU\"><a href=\"https:\/\/zakat.unhcr.org\/fr\/fatawa\/la-federation-des-imams-damerique-du-nord\">La F\u00e9d\u00e9ration des Imams d\u2019Am\u00e9rique du Nord<\/a><\/blockquote><iframe sandbox=\"allow-scripts\" security=\"restricted\" src=\"https:\/\/zakat.unhcr.org\/fr\/fatawa\/la-federation-des-imams-damerique-du-nord\/embed#?secret=UdDVckHzjU\" width=\"600\" height=\"338\" title=\"\u00ab\u00a0La F\u00e9d\u00e9ration des Imams d\u2019Am\u00e9rique du Nord\u00a0\u00bb &#8212; \u0635\u0646\u062f\u0648\u0642 \u0627\u0644\u0632\u0643\u0627\u0629 \u0644\u0644\u0627\u062c\u0626\u064a\u0646 | Refugee Zakat Fund\" data-secret=\"UdDVckHzjU\" frameborder=\"0\" marginwidth=\"0\" marginheight=\"0\" scrolling=\"no\" class=\"wp-embedded-content\"><\/iframe><script type=\"text\/javascript\">\n\/* <![CDATA[ *\/\n\/*! This file is auto-generated *\/\n!function(d,l){\"use strict\";l.querySelector&&d.addEventListener&&\"undefined\"!=typeof URL&&(d.wp=d.wp||{},d.wp.receiveEmbedMessage||(d.wp.receiveEmbedMessage=function(e){var t=e.data;if((t||t.secret||t.message||t.value)&&!\/[^a-zA-Z0-9]\/.test(t.secret)){for(var s,r,n,a=l.querySelectorAll('iframe[data-secret=\"'+t.secret+'\"]'),o=l.querySelectorAll('blockquote[data-secret=\"'+t.secret+'\"]'),c=new RegExp(\"^https?:$\",\"i\"),i=0;i<o.length;i++)o[i].style.display=\"none\";for(i=0;i<a.length;i++)s=a[i],e.source===s.contentWindow&&(s.removeAttribute(\"style\"),\"height\"===t.message?(1e3<(r=parseInt(t.value,10))?r=1e3:~~r<200&&(r=200),s.height=r):\"link\"===t.message&&(r=new URL(s.getAttribute(\"src\")),n=new URL(t.value),c.test(n.protocol))&&n.host===r.host&&l.activeElement===s&&(d.top.location.href=t.value))}},d.addEventListener(\"message\",d.wp.receiveEmbedMessage,!1),l.addEventListener(\"DOMContentLoaded\",function(){for(var e,t,s=l.querySelectorAll(\"iframe.wp-embedded-content\"),r=0;r<s.length;r++)(t=(e=s[r]).getAttribute(\"data-secret\"))||(t=Math.random().toString(36).substring(2,12),e.src+=\"#?secret=\"+t,e.setAttribute(\"data-secret\",t)),e.contentWindow.postMessage({message:\"ready\",secret:t},\"*\")},!1)))}(window,document);\n\/* ]]> *\/\n<\/script>\n","thumbnail_url":"https:\/\/zakat.unhcr.org\/wp-content\/uploads\/2022\/03\/Vh2dTTP.jpeg","thumbnail_width":680,"thumbnail_height":388,"description":"Fond\u00e9e en 2004, la F\u00e9d\u00e9ration des Imams d\u2019Am\u00e9rique du Nord (NAIF) repr\u00e9sente une entit\u00e9 de coop\u00e9ration entre les responsables musulmans qui servent les diverses communaut\u00e9s musulmanes en Am\u00e9rique du Nord. La F\u00e9d\u00e9ration est une plateforme r\u00e9unissant les imams et aum\u00f4niers musulmans, ainsi qu\u2019un point de r\u00e9f\u00e9rence en Am\u00e9rique du Nord pour les musulmans, organisations gouvernementales [&hellip;]"}